{"id":2,"date":"2014-03-27T09:58:01","date_gmt":"2014-03-27T09:58:01","guid":{"rendered":"http:\/\/tuenvejecimientoactivo.com\/?page_id=2"},"modified":"2014-03-31T16:48:50","modified_gmt":"2014-03-31T16:48:50","slug":"sample-page","status":"publish","type":"page","link":"http:\/\/tuenvejecimientoactivo.com\/?page_id=2","title":{"rendered":"El Proyecto"},"content":{"rendered":"<p><strong><a href=\"http:\/\/tuenvejecimientoactivo.com\/wp-content\/uploads\/2014\/03\/Proyecto.jpg\"><img loading=\"lazy\" decoding=\"async\" class=\"alignnone size-full wp-image-44\" alt=\"Proyecto\" src=\"http:\/\/tuenvejecimientoactivo.com\/wp-content\/uploads\/2014\/03\/Proyecto.jpg\" width=\"600\" height=\"401\" srcset=\"http:\/\/tuenvejecimientoactivo.com\/wp-content\/uploads\/2014\/03\/Proyecto.jpg 600w, http:\/\/tuenvejecimientoactivo.com\/wp-content\/uploads\/2014\/03\/Proyecto-300x200.jpg 300w\" sizes=\"(max-width: 600px) 100vw, 600px\" \/><\/a><\/strong><\/p>\n<p><strong>ENVEJECIMIENTO ACTIVO<\/strong><\/p>\n<p>Mi proyecto consiste en promocionar el \u201cenvejecimiento activo\u201d, una forma de envejecer m\u00e1s saludable, con m\u00e1s \u00e9xito y con una visi\u00f3n m\u00e1s positiva. Intento poner mi granito de arena para que las personas no solo den \u201ca\u00f1os a la vida\u201d, sino que den \u201cvida a los a\u00f1os\u201d.<\/p>\n<p>El envejecimiento es un fen\u00f3meno de nuestros d\u00edas que seguir\u00e1 intensific\u00e1ndose en el futuro. Una revoluci\u00f3n y un \u00e9xito de la humanidad pero que al mismo tiempo plantea grandes retos, porque vivir m\u00e1s tiempo no siempre significa vivir \u201cbien\u201d. La verdadera revoluci\u00f3n no estriba en que la gente llegue a vivir m\u00e1s a\u00f1os, sino que estos sean activos y satisfactorios.<\/p>\n","protected":false},"excerpt":{"rendered":"<p>ENVEJECIMIENTO ACTIVO Mi proyecto consiste en promocionar el \u201cenvejecimiento activo\u201d, una forma de envejecer m\u00e1s saludable, con m\u00e1s \u00e9xito y [&hellip;]<\/p>\n","protected":false},"author":1,"featured_media":0,"parent":0,"menu_order":0,"comment_status":"open","ping_status":"open","template":"","meta":{"footnotes":""},"_links":{"self":[{"href":"http:\/\/tuenvejecimientoactivo.com\/index.php?rest_route=\/wp\/v2\/pages\/2"}],"collection":[{"href":"http:\/\/tuenvejecimientoactivo.com\/index.php?rest_route=\/wp\/v2\/pages"}],"about":[{"href":"http:\/\/tuenvejecimientoactivo.com\/index.php?rest_route=\/wp\/v2\/types\/page"}],"author":[{"embeddable":true,"href":"http:\/\/tuenvejecimientoactivo.com\/index.php?rest_route=\/wp\/v2\/users\/1"}],"replies":[{"embeddable":true,"href":"http:\/\/tuenvejecimientoactivo.com\/index.php?rest_route=%2Fwp%2Fv2%2Fcomments&post=2"}],"version-history":[{"count":4,"href":"http:\/\/tuenvejecimientoactivo.com\/index.php?rest_route=\/wp\/v2\/pages\/2\/revisions"}],"predecessor-version":[{"id":45,"href":"http:\/\/tuenvejecimientoactivo.com\/index.php?rest_route=\/wp\/v2\/pages\/2\/revisions\/45"}],"wp:attachment":[{"href":"http:\/\/tuenvejecimientoactivo.com\/index.php?rest_route=%2Fwp%2Fv2%2Fmedia&parent=2"}],"curies":[{"name":"wp","href":"https:\/\/api.w.org\/{rel}","templated":true}]}}